{"id":4701,"date":"2019-12-11T09:33:38","date_gmt":"2019-12-11T09:33:38","guid":{"rendered":"http:\/\/kilkennycastle.ie\/raonta-pairce\/"},"modified":"2021-12-23T14:54:16","modified_gmt":"2021-12-23T14:54:16","slug":"raonta-pairce","status":"publish","type":"page","link":"http:\/\/54.73.152.2\/ga\/raonta-pairce\/","title":{"rendered":"Raonta P\u00e1irce"},"content":{"rendered":"<p>[et_pb_section fb_built=&#8221;1&#8243; fullwidth=&#8221;on&#8221; _builder_version=&#8221;3.22&#8243; background_image=&#8221;https:\/\/kilkennycastle.ie\/wp-content\/uploads\/2018\/11\/medium-Kilkenny-Castle.jpg&#8221; global_colors_info=&#8221;{}&#8221;][et_pb_fullwidth_header title=&#8221;Raonta P\u00e1irce&#8221; subhead=&#8221;L\u00e9igh a Thuilleadh&#8221; text_orientation=&#8221;center&#8221; header_fullscreen=&#8221;on&#8221; header_scroll_down=&#8221;on&#8221; scroll_down_icon=&#8221;%%0%%&#8221; scroll_down_icon_size=&#8221;25px&#8221; background_overlay_color=&#8221;rgba(0,0,0,0.33)&#8221; _builder_version=&#8221;3.17.6&#8243; title_font_size=&#8221;50px&#8221; subhead_font_size=&#8221;23px&#8221; background_color=&#8221;rgba(255, 255, 255, 0)&#8221; background_image=&#8221;https:\/\/kilkennycastle.ie\/wp-content\/uploads\/2018\/11\/Park.jpg&#8221; background_position=&#8221;bottom_center&#8221; max_width_tablet=&#8221;50px&#8221; global_colors_info=&#8221;{}&#8221; button_one_text_size__hover_enabled=&#8221;off&#8221; button_one_text_size__hover=&#8221;null&#8221; button_two_text_size__hover_enabled=&#8221;off&#8221; button_two_text_size__hover=&#8221;null&#8221; button_one_text_color__hover_enabled=&#8221;off&#8221; button_one_text_color__hover=&#8221;null&#8221; button_two_text_color__hover_enabled=&#8221;off&#8221; button_two_text_color__hover=&#8221;null&#8221; button_one_border_width__hover_enabled=&#8221;off&#8221; button_one_border_width__hover=&#8221;null&#8221; button_two_border_width__hover_enabled=&#8221;off&#8221; button_two_border_width__hover=&#8221;null&#8221; button_one_border_color__hover_enabled=&#8221;off&#8221; button_one_border_color__hover=&#8221;null&#8221; button_two_border_color__hover_enabled=&#8221;off&#8221; button_two_border_color__hover=&#8221;null&#8221; button_one_border_radius__hover_enabled=&#8221;off&#8221; button_one_border_radius__hover=&#8221;null&#8221; button_two_border_radius__hover_enabled=&#8221;off&#8221; button_two_border_radius__hover=&#8221;null&#8221; button_one_letter_spacing__hover_enabled=&#8221;on&#8221; button_one_letter_spacing__hover=&#8221;0&#8243; button_two_letter_spacing__hover_enabled=&#8221;on&#8221; button_two_letter_spacing__hover=&#8221;0&#8243; button_one_bg_color__hover_enabled=&#8221;off&#8221; button_one_bg_color__hover=&#8221;null&#8221; button_two_bg_color__hover_enabled=&#8221;off&#8221; button_two_bg_color__hover=&#8221;null&#8221;][\/et_pb_fullwidth_header][\/et_pb_section][et_pb_section fb_built=&#8221;1&#8243; _builder_version=&#8221;4.14.2&#8243; hover_enabled=&#8221;0&#8243; global_colors_info=&#8221;{%22gcid-4cb7d1ec-1cee-49be-9524-c7e49435d023%22:%91%22background_color%22%93}&#8221; background_color=&#8221;gcid-4cb7d1ec-1cee-49be-9524-c7e49435d023&#8243; sticky_enabled=&#8221;0&#8243;][et_pb_row _builder_version=&#8221;3.25&#8243; background_size=&#8221;initial&#8221; background_position=&#8221;top_left&#8221; background_repeat=&#8221;repeat&#8221; global_colors_info=&#8221;{}&#8221; column_structure=&#8221;3_5,2_5&#8243;][et_pb_column type=&#8221;3_5&#8243; _builder_version=&#8221;3.0.47&#8243; custom_padding=&#8221;|||&#8221; global_colors_info=&#8221;{}&#8221; custom_padding__hover=&#8221;|||&#8221;][et_pb_text admin_label=&#8221;Parkrun Text&#8221; _builder_version=&#8221;3.27.4&#8243; module_alignment=&#8221;left&#8221; global_colors_info=&#8221;{}&#8221;]<\/p>\n<h3>Rith P\u00e1irce<\/h3>\n<p>T\u00e1 \u00e1thas ar OOP Caisle\u00e1n Chill Chainnigh f\u00e1ilte a chur roimh Rith P\u00e1irce \u00c9ireann Chill Chainnigh, rith amaithe SAOR IN AISCE 5km a tharla\u00edonn gach maidin Shathairn ag 9.30am i bP\u00e1irc Chaisle\u00e1n Chill Chainnigh.<\/p>\n<p><a href=\"http:\/\/kilkennycastle.ie\/wp-content\/uploads\/2018\/11\/Kilkenny-Castle-Park-5km-Run-Map-1.pdf\">Kilkenny Castle Parkrun 5km Map<\/a> (PDF)<\/p>\n<p>T\u00e9igh go dt\u00ed <a href=\"https:\/\/www.parkrun.ie\/kilkenny\/\" target=\"_blank\" rel=\"noopener noreferrer\">https:\/\/www.parkrun.ie\/kilkenny\/<\/a> le haghaidh na sonra\u00ed go l\u00e9ir, cl\u00e1r\u00fach\u00e1n, barrach\u00f3d agus cur s\u00edos ar an gc\u00farsa san \u00e1ireamh.<\/p>\n<p>Cad \u00e9 Rith P\u00e1irce Chill Chainnigh? Rith 5km at\u00e1 ann \u2013 tusa f\u00e9in i gcoinne an chloig<\/p>\n<p>Cathain? Gach Satharn ag 9.30am ag tos\u00fa<\/p>\n<p>C\u00e9n \u00e1it? P\u00e1irc Chaisle\u00e1n Chill Chainnigh<\/p>\n<p>An bhfuil t\u00fa ag teacht den ch\u00e9ad uair? D\u00e9an cinnte de, le do thoil, go bhfuil t\u00fa cl\u00e1raithe, go bhfuil do bharrach\u00f3d agat agus go bhfuil an cur s\u00edos an an gc\u00farsa l\u00e9ite agat.<\/p>\n<p>C\u00e9n chostas at\u00e1 air? Faic na ngr\u00e1st \u2013 t\u00e1 s\u00e9 SAOR IN AISCE! ach n\u00ed m\u00f3r cl\u00e1r\u00fa roimh do ch\u00e9ad rith. N\u00ed g\u00e1 cl\u00e1r\u00fa ach uair amh\u00e1in. N\u00e1 dearmad c\u00f3ip phriont\u00e1ilte de do bharrach\u00f3d a thabhairt leat. M\u00e1 dhearmadann t\u00fa \u00e9 n\u00ed bheidh t\u00fa \u00e1balta d\u2019am a fh\u00e1il!<\/p>\n<p>C\u00e9 chomh mear a g\u00e1 a bheith? Ritheann gach duine ar mhaithe lena sh\u00e1stacht f\u00e9in. Seo leat agus b\u00ed linn, p\u00e9 luas at\u00e1 f\u00fat!<\/p>\n<p>T\u00e1 do chabhair ag teast\u00e1il \u00f3 Rith P\u00e1irce Chill Chainnigh! Oibrithe deonacha ar fad at\u00e1 ina bhun.<\/p>\n<p>Seol rphost chuig <a href=\"mailto:kilkennyhelpers@parkrun.com\">kilkennyhelpers@parkrun.com<\/a> chun cabhr\u00fa linn.<\/p>\n<p>T\u00e1imid bre\u00e1 cairdi\u00fail! B\u00edonn braon caife againn gach seachtain tar \u00e9is an reatha ag Seomra\u00ed Tae Chaisle\u00e1n Chill Chainnigh. B\u00ed linn agus f\u00e1ilte!<br \/>\n[\/et_pb_text][\/et_pb_column][et_pb_column type=&#8221;2_5&#8243; _builder_version=&#8221;3.0.47&#8243; custom_padding=&#8221;|||&#8221; global_colors_info=&#8221;{}&#8221; custom_padding__hover=&#8221;|||&#8221;][et_pb_text admin_label=&#8221;Parkrun Downloads&#8221; _builder_version=&#8221;3.27.4&#8243; module_alignment=&#8221;left&#8221; global_colors_info=&#8221;{}&#8221;]<\/p>\n<h3>Naisc \u00das\u00e1ideacha<\/h3>\n<p>Cl\u00e1r\u00fa \u2013<a href=\"http:\/\/www.parkrun.ie\/register\/\">www.parkrun.ie\/register\/<\/a><\/p>\n<p>C\u00farsa \u2013 <a href=\"https:\/\/www.parkrun.ie\/kilkenny\/course\/\" target=\"_blank\" rel=\"noopener noreferrer\">www.parkrun.ie\/kilkenny\/course\/<\/a><\/p>\n<p>Cabhr\u00fa \u2013 <a href=\"https:\/\/www.parkrun.ie\/kilkenny\/volunteer\/\" target=\"_blank\" rel=\"noopener noreferrer\">www.parkrun.ie\/kilkenny\/volunteer\/<\/a><\/p>\n<p><a href=\"http:\/\/kilkennycastle.ie\/wp-content\/uploads\/2018\/11\/Kilkenny-Castle-Park-5km-Run-Map-1.pdf\">Kilkenny Castle Parkrun 5km Map<\/a> (PDF)<br \/>\n[\/et_pb_text][\/et_pb_column][\/et_pb_row][\/et_pb_section][et_pb_section fb_built=&#8221;1&#8243; _builder_version=&#8221;3.22&#8243; global_colors_info=&#8221;{}&#8221;][et_pb_row _builder_version=&#8221;3.25&#8243; background_size=&#8221;initial&#8221; background_position=&#8221;top_left&#8221; background_repeat=&#8221;repeat&#8221; global_colors_info=&#8221;{}&#8221; column_structure=&#8221;3_5,2_5&#8243;][et_pb_column type=&#8221;3_5&#8243; _builder_version=&#8221;3.0.47&#8243; custom_padding=&#8221;|||&#8221; global_colors_info=&#8221;{}&#8221; custom_padding__hover=&#8221;|||&#8221;][et_pb_text admin_label=&#8221;Orienteering Text&#8221; _builder_version=&#8221;3.27.4&#8243; module_alignment=&#8221;left&#8221; z_index_tablet=&#8221;500&#8243; global_colors_info=&#8221;{}&#8221;]<\/p>\n<h3>Treod\u00f3ireacht<\/h3>\n<p>Buanch\u00farsa Treod\u00f3ireachta Uasd\u00e1taithe ag P\u00e1irc Chaisle\u00e1n Chill Chainnigh<\/p>\n<p>Seoladh na buanch\u00farsa\u00ed treod\u00f3ireachta i bP\u00e1irc Chaisle\u00e1n Chill Chainnigh sa bhliain 2013 ar dt\u00fas agus t\u00e1 sult bainte astu ag gach cine\u00e1l duine \u00f3 shin. Rinneadh uasd\u00e1t\u00fa orthu sin i m\u00ed Bealtaine 2019 mar a leanas. T\u00e1 ceithre fhad i gceist anois agus iad uile le f\u00e1il SAOR IN AISCE le h\u00edosl\u00f3d\u00e1il.<\/p>\n<p>&nbsp;<\/p>\n<p>Roth O (2.0 km)<\/p>\n<p>Gearr (2.0 km)<\/p>\n<p>Me\u00e1nach (3.2 km)<\/p>\n<p>Fada (4.0 km)<\/p>\n<p>&nbsp;<\/p>\n<p>T\u00e1 an c\u00farsa treod\u00f3ireachta oscailte do ch\u00e1ch \u2013 teaghlaigh, daoine aonair, clubanna, scoileanna. Cad \u00e9 mar shl\u00ed le bheith ag pl\u00e9 le fl\u00f3ra agus f\u00e1na Ph\u00e1irc Chaisle\u00e1n Chill Chainnigh agus t\u00fa i mbun acla\u00edochta i dtimpeallacht \u00e1lainn. T\u00e1 cuid bheag de Shi\u00fal\u00f3id na Can\u00e1la (cois na Feoire) san \u00e1ireamh sna c\u00farsa\u00ed freisin.<\/p>\n<p>Chun tabhairt faoin bhfad at\u00e1 roghnaithe agat:<\/p>\n<ol>\n<li>\u00cdosl\u00f3d\u00e1il an l\u00e9arsc\u00e1il don fhad at\u00e1 roghnaithe agat (agus an fhreagarbhileog le seice\u00e1il ag an deireadh)<\/li>\n<li>Aimsigh na point\u00ed rial\u00fach\u00e1in san ord ina bhfuil siad l\u00e9irithe ar an l\u00e9arsc\u00e1il<\/li>\n<li>L\u00edon isteach c\u00f3duimhir an chuaille mharc\u00e1la sa bhosca lena mbaineann s\u00e9<\/li>\n<li>Ag deireadh an Ch\u00farsa, seice\u00e1il go bhfuil do chuid freagra\u00ed i gceart (mar at\u00e1 san fhreagarbhileog)<\/li>\n<li>Go n-\u00e9ir\u00ed an t-\u00e1dh leat agus bain sult as!<\/li>\n<\/ol>\n<p>&nbsp;<\/p>\n<p>Tabhair faoi deara gur f\u00e9idir na l\u00e1ithreacha rial\u00fach\u00e1in a bheith n\u00edos teicni\u00fala de r\u00e9ir mar a th\u00e9ann na c\u00farsa\u00ed i bhfad.<\/p>\n<p>T\u00e1 c\u00farsa nua an \u2018Roth O\u2019 oiri\u00fanach do chathaoireacha rotha\u00ed agus bugaithe \u00f3ir is dromchla\u00ed crua at\u00e1 i gceist ann.<\/p>\n<p>Chun \u00f3c\u00e1id ar leith a eagr\u00fa b\u00ed i dteagmh\u00e1il le kilkennycastleevents@opw.ie<\/p>\n<p>M\u00e1 t\u00e1 eolas sa bhreis uait faoin Treod\u00f3ireacht san Oirdheisceart tabhair cuairt ar Chumann Treod\u00f3ireachta Phort L\u00e1irge ag<\/p>\n<p>Twitter @Watoclub, Facebook @WatefordOrienteers n\u00f3 waterfordorienteers.blogspot.com<\/p>\n<p>chun \u00f3c\u00e1id\u00ed ar leith do scoil n\u00f3 do chumann a eagr\u00fa.<\/p>\n<p>Tabhair faoi deara gur sp\u00f3rt eachtra\u00edochta at\u00e1 sa Treod\u00f3ireacht agus gur g\u00e1 talamh, raonta agus cos\u00e1in gharbha agus chorracha a thrasn\u00fa. N\u00ed m\u00f3r br\u00f3ga oiri\u00fanacha a chaitheamh.<\/p>\n<p>N\u00edl Oifig na nOibreacha Poibl\u00ed n\u00e1 WATO freagrach as aon ghort\u00fa.<br \/>\n[\/et_pb_text][\/et_pb_column][et_pb_column type=&#8221;2_5&#8243; _builder_version=&#8221;3.0.47&#8243; custom_padding=&#8221;|||&#8221; global_colors_info=&#8221;{}&#8221; custom_padding__hover=&#8221;|||&#8221;][et_pb_text admin_label=&#8221;Orienteering Downloads&#8221; _builder_version=&#8221;3.27.4&#8243; module_alignment=&#8221;left&#8221; z_index_tablet=&#8221;500&#8243; global_colors_info=&#8221;{}&#8221;]<img loading=\"lazy\" decoding=\"async\" class=\"alignnone size-medium wp-image-3485\" src=\"http:\/\/kilkennycastle.ie\/wp-content\/uploads\/2018\/11\/compass-1299559_1280-277x300.png\" alt=\"\" width=\"277\" height=\"300\" srcset=\"http:\/\/54.73.152.2\/wp-content\/uploads\/2018\/11\/compass-1299559_1280-277x300.png 277w, http:\/\/54.73.152.2\/wp-content\/uploads\/2018\/11\/compass-1299559_1280-768x832.png 768w, http:\/\/54.73.152.2\/wp-content\/uploads\/2018\/11\/compass-1299559_1280-945x1024.png 945w, http:\/\/54.73.152.2\/wp-content\/uploads\/2018\/11\/compass-1299559_1280-1080x1171.png 1080w, http:\/\/54.73.152.2\/wp-content\/uploads\/2018\/11\/compass-1299559_1280.png 1181w\" sizes=\"(max-width: 277px) 100vw, 277px\" \/><\/p>\n<p><a href=\"http:\/\/kilkennycastle.ie\/wp-content\/uploads\/2019\/05\/short-course-may-2019.pdf\">C\u00farsa Gearr \u2013 2.2 km<\/a><\/p>\n<p><a href=\"http:\/\/kilkennycastle.ie\/wp-content\/uploads\/2019\/05\/medium-course-may-2019.pdf\">C\u00farsa Me\u00e1nach \u2013 3.2 km<\/a><\/p>\n<p><a href=\"http:\/\/kilkennycastle.ie\/wp-content\/uploads\/2019\/05\/long-course-may-2019.pdf\">C\u00farsa Fada \u2013 4 km<\/a><\/p>\n<p><a href=\"http:\/\/kilkennycastle.ie\/wp-content\/uploads\/2019\/05\/wheel-o-course-may-2019.pdf\">C\u00farsa Roth O \u2013  2 km<\/a><\/p>\n<p><a href=\"http:\/\/kilkennycastle.ie\/wp-content\/uploads\/2019\/05\/all-controls-may-2019.pdf\">Point\u00ed Rial\u00fach\u00e1in Uile<\/a><\/p>\n<p><a href=\"http:\/\/kilkennycastle.ie\/wp-content\/uploads\/2019\/05\/solutions-may-2019.pdf\">R\u00e9itigh<\/a><br \/>\n[\/et_pb_text][\/et_pb_column][\/et_pb_row][\/et_pb_section]<\/p>\n","protected":false},"excerpt":{"rendered":"<p>Rith P\u00e1irce T\u00e1 \u00e1thas ar OOP Caisle\u00e1n Chill Chainnigh f\u00e1ilte a chur roimh Rith P\u00e1irce \u00c9ireann Chill Chainnigh, rith amaithe SAOR IN AISCE 5km a tharla\u00edonn gach maidin Shathairn ag [&hellip;]<\/p>\n","protected":false},"author":1,"featured_media":0,"parent":0,"menu_order":0,"comment_status":"closed","ping_status":"closed","template":"","meta":{"_et_pb_use_builder":"on","_et_pb_old_content":"","_et_gb_content_width":"","footnotes":""},"class_list":["post-4701","page","type-page","status-publish","hentry"],"_links":{"self":[{"href":"http:\/\/54.73.152.2\/ga\/wp-json\/wp\/v2\/pages\/4701","targetHints":{"allow":["GET"]}}],"collection":[{"href":"http:\/\/54.73.152.2\/ga\/wp-json\/wp\/v2\/pages"}],"about":[{"href":"http:\/\/54.73.152.2\/ga\/wp-json\/wp\/v2\/types\/page"}],"author":[{"embeddable":true,"href":"http:\/\/54.73.152.2\/ga\/wp-json\/wp\/v2\/users\/1"}],"replies":[{"embeddable":true,"href":"http:\/\/54.73.152.2\/ga\/wp-json\/wp\/v2\/comments?post=4701"}],"version-history":[{"count":0,"href":"http:\/\/54.73.152.2\/ga\/wp-json\/wp\/v2\/pages\/4701\/revisions"}],"wp:attachment":[{"href":"http:\/\/54.73.152.2\/ga\/wp-json\/wp\/v2\/media?parent=4701"}],"curies":[{"name":"wp","href":"https:\/\/api.w.org\/{rel}","templated":true}]}}