{"id":13246,"date":"2022-04-03T11:32:09","date_gmt":"2022-04-03T10:32:09","guid":{"rendered":"https:\/\/kilkennycastle.ie\/tour-operators-groups\/"},"modified":"2024-01-13T13:14:16","modified_gmt":"2024-01-13T13:14:16","slug":"tour-operators-groups","status":"publish","type":"page","link":"http:\/\/54.73.152.2\/ga\/tour-operators-groups\/","title":{"rendered":"Tionscn\u00f3ir\u00ed turas agus gr\u00fapa\u00ed"},"content":{"rendered":"<p>[et_pb_section fb_built=&#8221;1&#8243; fullwidth=&#8221;on&#8221; _builder_version=&#8221;4.16&#8243; global_colors_info=&#8221;{}&#8221;][et_pb_fullwidth_header title=&#8221;Tionscn\u00f3ir\u00ed turas agus gr\u00fapa\u00ed&#8221; text_orientation=&#8221;center&#8221; header_fullscreen=&#8221;on&#8221; header_scroll_down=&#8221;on&#8221; scroll_down_icon=&#8221;%%0%%&#8221; scroll_down_icon_size=&#8221;25px&#8221; background_overlay_color=&#8221;rgba(0,0,0,0.33)&#8221; _builder_version=&#8221;4.17.3&#8243; title_font_size=&#8221;50px&#8221; subhead_font_size=&#8221;23px&#8221; background_color=&#8221;rgba(255, 255, 255, 0)&#8221; background_image=&#8221;https:\/\/kilkennycastle.ie\/wp-content\/uploads\/2018\/11\/Tour-2.jpg&#8221; global_colors_info=&#8221;{}&#8221; button_one_text_size__hover_enabled=&#8221;off&#8221; button_one_text_size__hover=&#8221;null&#8221; button_two_text_size__hover_enabled=&#8221;off&#8221; button_two_text_size__hover=&#8221;null&#8221; button_one_text_color__hover_enabled=&#8221;off&#8221; button_one_text_color__hover=&#8221;null&#8221; button_two_text_color__hover_enabled=&#8221;off&#8221; button_two_text_color__hover=&#8221;null&#8221; button_one_border_width__hover_enabled=&#8221;off&#8221; button_one_border_width__hover=&#8221;null&#8221; button_two_border_width__hover_enabled=&#8221;off&#8221; button_two_border_width__hover=&#8221;null&#8221; button_one_border_color__hover_enabled=&#8221;off&#8221; button_one_border_color__hover=&#8221;null&#8221; button_two_border_color__hover_enabled=&#8221;off&#8221; button_two_border_color__hover=&#8221;null&#8221; button_one_border_radius__hover_enabled=&#8221;off&#8221; button_one_border_radius__hover=&#8221;null&#8221; button_two_border_radius__hover_enabled=&#8221;off&#8221; button_two_border_radius__hover=&#8221;null&#8221; button_one_letter_spacing__hover_enabled=&#8221;on&#8221; button_one_letter_spacing__hover=&#8221;0&#8243; button_two_letter_spacing__hover_enabled=&#8221;on&#8221; button_two_letter_spacing__hover=&#8221;0&#8243; button_one_bg_color__hover_enabled=&#8221;off&#8221; button_one_bg_color__hover=&#8221;null&#8221; button_two_bg_color__hover_enabled=&#8221;off&#8221; button_two_bg_color__hover=&#8221;null&#8221;][\/et_pb_fullwidth_header][\/et_pb_section][et_pb_section fb_built=&#8221;1&#8243; _builder_version=&#8221;4.16&#8243; global_colors_info=&#8221;{}&#8221;][et_pb_row _builder_version=&#8221;4.16&#8243; _module_preset=&#8221;default&#8221; global_colors_info=&#8221;{}&#8221;][et_pb_column type=&#8221;4_4&#8243; _builder_version=&#8221;4.16&#8243; _module_preset=&#8221;default&#8221; global_colors_info=&#8221;{}&#8221;][et_pb_text _builder_version=&#8221;4.20.4&#8243; _module_preset=&#8221;default&#8221; global_colors_info=&#8221;{}&#8221;]<\/p>\n<h1 style=\"text-align: center;\"><strong>Caisle\u00e1n Chill Chainnigh<\/strong><\/h1>\n<h2 style=\"text-align: center;\"><strong>Seomra\u00ed Tr\u00e9imhse Victeoiriacha Athch\u00f3irithe | Fearann P\u00e1irce agus Gaird\u00edn Stairi\u00fail | Stair Shoisialta Victeoiriach \u00a0| Baili\u00fach\u00e1n Eala\u00edne | Imeachta\u00ed | Caif\u00e9\/Seomra Tae Lasmuigh<\/strong><\/h2>\n<p>[\/et_pb_text][\/et_pb_column][\/et_pb_row][et_pb_row column_structure=&#8221;3_5,2_5&#8243; _builder_version=&#8221;4.16&#8243; _module_preset=&#8221;default&#8221; border_radii=&#8221;on|10px|10px|10px|10px&#8221; border_color_all=&#8221;#FFFFFF&#8221; global_colors_info=&#8221;{}&#8221;][et_pb_column type=&#8221;3_5&#8243; _builder_version=&#8221;4.16&#8243; _module_preset=&#8221;default&#8221; global_colors_info=&#8221;{}&#8221;][et_pb_text _builder_version=&#8221;4.20.4&#8243; _module_preset=&#8221;default&#8221; global_colors_info=&#8221;{}&#8221;]<\/p>\n<h3><strong>T\u00e1 s\u00fail againn f\u00e1ilte a chur roimh do ghr\u00fapa chuig ceann de na L\u00e1ithreacha N\u00e1isi\u00fanta Stairi\u00fala is m\u00f3 c\u00e1il in \u00c9irinn.<\/strong><\/h3>\n<p>[\/et_pb_text][et_pb_text _builder_version=&#8221;4.16&#8243; _module_preset=&#8221;default&#8221; border_radii=&#8221;on|10px|10px|10px|10px&#8221; border_color_all=&#8221;gcid-fd18f947-01b7-4ce4-88dd-62abac1bacad&#8221; global_colors_info=&#8221;{%22gcid-fd18f947-01b7-4ce4-88dd-62abac1bacad%22:%91%22border_color_all%22%93}&#8221;]T\u00e1 Caisle\u00e1n Chill Chainnigh suite i gcro\u00edl\u00e1r Chathair Chill Chainnigh, rud a ligeann do chuairteoir\u00ed cuardach a dh\u00e9anamh ar an gcathair bheo againne.<\/p>\n<p>Seasann an caisle\u00e1n f\u00e9in ar ard; ba \u00e9 Liam Marascal, 4\u00fa Iarla Pembroke a th\u00f3g \u00e9 sa 12\u00fa aois um cheannas a choime\u00e1d ar thrasn\u00fa abhann na Feoire.<\/p>\n<p>Ins an 14\u00fa aois, th\u00e1inig Caisle\u00e1n Chill Chainnigh i seilbh na mBuitl\u00e9arach agus bh\u00ed s\u00e9 mar phr\u00edomh\u00e1it ch\u00f3naithe acu \u2013 Iarla, Marcas agus Di\u00faic Urumhan \u2013 go ceann 600 bliain nach m\u00f3r.<\/p>\n<p>Inniu, f\u00e9adfaidh cuairteoir\u00ed an spiorad spleodrach Victeoiriach a bhrath ins na seomra\u00ed tr\u00e9imhse athch\u00f3irithe sa Chaisle\u00e1n.<\/p>\n<p>I bP\u00e1irc an Chaisle\u00e1in t\u00e1 dim\u00e9in daingean (21 heicte\u00e1r) \u00f3 dheas agus Gaird\u00edn na R\u00f3s ar ard\u00e1n \u00f3 thuaidh. F\u00e9achann east\u00e1t an chaisle\u00e1in thar abhann na Feoire, le crainn agus toir fh\u00e1sta, loch orn\u00e1ideach agus cl\u00f3s s\u00fagartha do leana\u00ed.<\/p>\n<p>T\u00e1 p\u00e1irce\u00e1il ar f\u00e1il do ch\u00f3ist\u00ed agus teacht ar naisc iompair phoibl\u00ed.[\/et_pb_text][et_pb_text _builder_version=&#8221;4.16&#8243; _module_preset=&#8221;default&#8221; global_colors_info=&#8221;{}&#8221;][\/et_pb_text][\/et_pb_column][et_pb_column type=&#8221;2_5&#8243; _builder_version=&#8221;4.16&#8243; _module_preset=&#8221;default&#8221; global_colors_info=&#8221;{}&#8221;][et_pb_image src=&#8221;https:\/\/kilkennycastle.ie\/wp-content\/uploads\/2021\/03\/FB_IMG_1591539322682.jpg&#8221; title_text=&#8221;FB_IMG_1591539322682&#8243; _builder_version=&#8221;4.16&#8243; _module_preset=&#8221;default&#8221; border_radii=&#8221;on|10px|10px|10px|10px&#8221; global_colors_info=&#8221;{}&#8221;][\/et_pb_image][et_pb_image src=&#8221;https:\/\/kilkennycastle.ie\/wp-content\/uploads\/2021\/04\/87812078_3308641815831957_254108913979359232_n.jpg&#8221; title_text=&#8221;87812078_3308641815831957_254108913979359232_n&#8221; _builder_version=&#8221;4.16&#8243; _module_preset=&#8221;default&#8221; border_radii=&#8221;on|10px|10px|10px|10px&#8221; global_colors_info=&#8221;{}&#8221;][\/et_pb_image][\/et_pb_column][\/et_pb_row][\/et_pb_section][et_pb_section fb_built=&#8221;1&#8243; _builder_version=&#8221;4.20.4&#8243; _module_preset=&#8221;default&#8221; background_color=&#8221;gcid-4cb7d1ec-1cee-49be-9524-c7e49435d023&#8243; global_colors_info=&#8221;{%22gcid-4cb7d1ec-1cee-49be-9524-c7e49435d023%22:%91%22background_color%22%93}&#8221;][et_pb_row _builder_version=&#8221;4.20.4&#8243; _module_preset=&#8221;default&#8221; global_colors_info=&#8221;{}&#8221;][et_pb_column type=&#8221;4_4&#8243; _builder_version=&#8221;4.20.4&#8243; _module_preset=&#8221;default&#8221; global_colors_info=&#8221;{}&#8221;][et_pb_text _builder_version=&#8221;4.23.4&#8243; _module_preset=&#8221;default&#8221; hover_enabled=&#8221;0&#8243; border_radii=&#8221;on|10px|10px|10px|10px&#8221; global_colors_info=&#8221;{}&#8221; sticky_enabled=&#8221;0&#8243;]<\/p>\n<h3 style=\"text-align: center;\"><strong>Roghanna um eisp\u00e9ireas Cuairteoir\u00ed ag <\/strong><strong>Caisle\u00e1n Chill Chainnigh<\/strong><\/h3>\n<p><strong><\/strong><\/p>\n<p style=\"text-align: left;\">Tairisc\u00edonn Treoirsheirbh\u00eds\u00ed Chaisle\u00e1n Chill Chainnigh na heisp\u00e9iris seo a leanas do ghr\u00fapa\u00ed tar \u00e9is don rialtas srianta a scaoileadh.<\/p>\n<p style=\"text-align: left;\">T\u00e1 tr\u00ed rogha um eisp\u00e9ireas cuairteoir\u00ed ar f\u00e1il ag Caisle\u00e1n Chill Chainnigh.<\/p>\n<p>[\/et_pb_text][\/et_pb_column][\/et_pb_row][et_pb_row column_structure=&#8221;1_3,1_3,1_3&#8243; _builder_version=&#8221;4.21.0&#8243; _module_preset=&#8221;default&#8221; global_colors_info=&#8221;{}&#8221;][et_pb_column type=&#8221;1_3&#8243; _builder_version=&#8221;4.16&#8243; _module_preset=&#8221;default&#8221; global_colors_info=&#8221;{}&#8221;][et_pb_text _builder_version=&#8221;4.21.0&#8243; _module_preset=&#8221;default&#8221; global_colors_info=&#8221;{}&#8221;]<\/p>\n<h3 style=\"text-align: center;\">Cuairt Fh\u00e9intreoraithe<\/h3>\n<p>&nbsp;<\/p>\n<p>[\/et_pb_text][et_pb_blurb url=&#8221;https:\/\/kilkennycastle.ie\/ga\/cuairt-fheintreoraithe\/&#8221; image=&#8221;https:\/\/kilkennycastle.ie\/wp-content\/uploads\/2021\/10\/BeFunky-collage-17.jpg&#8221; _builder_version=&#8221;4.20.4&#8243; _module_preset=&#8221;default&#8221; border_radii_image=&#8221;on|10px|10px|10px|10px&#8221; box_shadow_style_image=&#8221;preset1&#8243; global_colors_info=&#8221;{}&#8221;][\/et_pb_blurb][\/et_pb_column][et_pb_column type=&#8221;1_3&#8243; _builder_version=&#8221;4.16&#8243; _module_preset=&#8221;default&#8221; global_colors_info=&#8221;{}&#8221;][et_pb_text _builder_version=&#8221;4.21.0&#8243; _module_preset=&#8221;default&#8221; global_colors_info=&#8221;{}&#8221;]<\/p>\n<h3 style=\"text-align: center;\">Cuairt Treoraithe ar na Seomra\u00ed Tr\u00e9imhse<\/h3>\n<p>[\/et_pb_text][et_pb_blurb url=&#8221;https:\/\/kilkennycastle.ie\/ga\/cuairt-treoraithe-ar-na-seomrai-treimhse\/&#8221; image=&#8221;https:\/\/kilkennycastle.ie\/wp-content\/uploads\/2021\/10\/BeFunky-collage-18.jpg&#8221; _builder_version=&#8221;4.20.4&#8243; _module_preset=&#8221;default&#8221; border_radii_image=&#8221;on|10px|10px|10px|10px&#8221; box_shadow_style_image=&#8221;preset1&#8243; global_colors_info=&#8221;{}&#8221;][\/et_pb_blurb][\/et_pb_column][et_pb_column type=&#8221;1_3&#8243; _builder_version=&#8221;4.16&#8243; _module_preset=&#8221;default&#8221; global_colors_info=&#8221;{}&#8221;][et_pb_text _builder_version=&#8221;4.21.0&#8243; _module_preset=&#8221;default&#8221; global_colors_info=&#8221;{}&#8221;]<\/p>\n<h3 style=\"text-align: center;\"><strong>Eisp\u00e9ireas Leithleach<\/strong><\/h3>\n<p><strong><\/strong><\/p>\n<p><strong><\/strong><\/p>\n<p>[\/et_pb_text][et_pb_blurb url=&#8221;https:\/\/kilkennycastle.ie\/ga\/eispeireas-leithleach\/&#8221; image=&#8221;https:\/\/kilkennycastle.ie\/wp-content\/uploads\/2022\/06\/BeFunky-collage-21-scaled.jpg&#8221; _builder_version=&#8221;4.21.0&#8243; _module_preset=&#8221;default&#8221; border_radii_image=&#8221;on|10px|10px|10px|10px&#8221; box_shadow_style_image=&#8221;preset1&#8243; global_colors_info=&#8221;{}&#8221;][\/et_pb_blurb][\/et_pb_column][\/et_pb_row][\/et_pb_section]<\/p>\n","protected":false},"excerpt":{"rendered":"<p>Caisle\u00e1n Chill Chainnigh Seomra\u00ed Tr\u00e9imhse Victeoiriacha Athch\u00f3irithe | Fearann P\u00e1irce agus Gaird\u00edn Stairi\u00fail | Stair Shoisialta Victeoiriach \u00a0| Baili\u00fach\u00e1n Eala\u00edne | Imeachta\u00ed | Caif\u00e9\/Seomra Tae LasmuighT\u00e1 s\u00fail againn f\u00e1ilte a [&hellip;]<\/p>\n","protected":false},"author":14,"featured_media":0,"parent":0,"menu_order":0,"comment_status":"closed","ping_status":"closed","template":"","meta":{"_et_pb_use_builder":"on","_et_pb_old_content":"","_et_gb_content_width":"","footnotes":""},"class_list":["post-13246","page","type-page","status-publish","hentry"],"_links":{"self":[{"href":"http:\/\/54.73.152.2\/ga\/wp-json\/wp\/v2\/pages\/13246","targetHints":{"allow":["GET"]}}],"collection":[{"href":"http:\/\/54.73.152.2\/ga\/wp-json\/wp\/v2\/pages"}],"about":[{"href":"http:\/\/54.73.152.2\/ga\/wp-json\/wp\/v2\/types\/page"}],"author":[{"embeddable":true,"href":"http:\/\/54.73.152.2\/ga\/wp-json\/wp\/v2\/users\/14"}],"replies":[{"embeddable":true,"href":"http:\/\/54.73.152.2\/ga\/wp-json\/wp\/v2\/comments?post=13246"}],"version-history":[{"count":4,"href":"http:\/\/54.73.152.2\/ga\/wp-json\/wp\/v2\/pages\/13246\/revisions"}],"predecessor-version":[{"id":15753,"href":"http:\/\/54.73.152.2\/ga\/wp-json\/wp\/v2\/pages\/13246\/revisions\/15753"}],"wp:attachment":[{"href":"http:\/\/54.73.152.2\/ga\/wp-json\/wp\/v2\/media?parent=13246"}],"curies":[{"name":"wp","href":"https:\/\/api.w.org\/{rel}","templated":true}]}}